{"id":9913,"date":"2023-10-17T18:01:31","date_gmt":"2023-10-17T16:01:31","guid":{"rendered":"https:\/\/www.salautopianaretoa.com\/evento\/la-odisea-de-nuestras-vidas\/"},"modified":"2023-10-17T18:01:31","modified_gmt":"2023-10-17T16:01:31","slug":"la-odisea-de-nuestras-vidas","status":"publish","type":"tribe_events","link":"https:\/\/www.salautopianaretoa.com\/eu\/ekitaldia\/la-odisea-de-nuestras-vidas\/","title":{"rendered":"LA ODISEA DE NUESTRAS VIDAS"},"content":{"rendered":"<p><strong>TEATRO DE LO INESTABLE<\/strong><\/p>\n<p><strong>Iraupena:<\/strong> 90 minutu<\/p>\n<p><em>&#8220;Azkenean, hori ez da nitaz ari, ez heroiez ezta historian iraun duten izenez ere. Horrek hondoa jota geratzen direnei buruz hitz egiten du, ahaztuei buruz, goikoak baino gehiago garen anonimoei buruz. Bide bazterrean geratzen direneei buruz ari gara, bonbak noiz utziko zain daudenei buruz, hogei urtez zain egon diren Penelope guztiei buruz, itxaroten bitartean ehuntzen duten horiei buruz, eta eraikitzen, hitz egiten eta bizi direnei buruz, nahiz eta historia patriarkala nagusitu. Obrak dio badela garaia itxaroteari uzteko&#8221;. ar\u00e9s <\/em>Jacobo Pallar\u00e9s<\/p>\n<div class='avia-iframe-wrap'><iframe loading=\"lazy\" title=\"Teaser &quot;La Odisea de Nuestras vidas&quot; de Teatro de lo Inestable\" width=\"1500\" height=\"844\" src=\"https:\/\/www.youtube.com\/embed\/NQHpmnb5nqU?feature=oembed\" frameborder=\"0\" allow=\"accelerometer; autoplay; clipboard-write; encrypted-media; gyroscope; picture-in-picture; web-share\" allowfullscreen><\/iframe><\/div>\n<p>Horrela, Odisearekin obsesionatuta dagoen mendebaldeko gizon zuri baten erredentzio istorioa kontatzen du. Gizon hori gerraz eta heriotzez jositako itsaso batean itotzen da. Ulisesek erredentzio berezia egingo du bere jarduerek eragindako gatazka guztiengatik. Aldi berean, hirugarren istorio batek antzezlana zeharkatuko du: historia patriarkala, diktadoreena, benetako biktimen kontra: anonimoak.<\/p>\n<p>Ulises pertsonaia gerra heroiaren irudia da, harrapakaria, ondorengo zibilizazioetara arte luze iraun duen mitologia positiboaren kritika gisa.<\/p>\n<p>Eszenaratzeari dagokionez, azpimarratu behar da ikuskizun honek, konpainiaren beste sorkuntza batzuetan bezala, publikoa eszenatokira hurbilduko duela. Ikusleek parte hartuko dute Mentimeter aplikazioaren bidez, galderak eta erantzunak proposatuko zaizkie obrak aurrera egin ahala.<\/p>\n<p><img loading=\"lazy\" decoding=\"async\" class=\"wp-image-9871 aligncenter\" src=\"https:\/\/www.salautopianaretoa.com\/wp-content\/uploads\/2023\/10\/img-4177-scaled-1.jpg\" alt=\"\" width=\"766\" height=\"574\" srcset=\"https:\/\/www.salautopianaretoa.com\/wp-content\/uploads\/2023\/10\/img-4177-scaled-1.jpg 1920w, https:\/\/www.salautopianaretoa.com\/wp-content\/uploads\/2023\/10\/img-4177-scaled-1-768x576.jpg 768w, https:\/\/www.salautopianaretoa.com\/wp-content\/uploads\/2023\/10\/img-4177-scaled-1-1536x1152.jpg 1536w, https:\/\/www.salautopianaretoa.com\/wp-content\/uploads\/2023\/10\/img-4177-scaled-1-1500x1125.jpg 1500w, https:\/\/www.salautopianaretoa.com\/wp-content\/uploads\/2023\/10\/img-4177-scaled-1-705x529.jpg 705w\" sizes=\"auto, (max-width: 766px) 100vw, 766px\" \/><\/p>\n<p>Gizon bat irakurri duen azken liburuak alienatuta, oraindik ere gau mahaian taupadaka dagoen liburua: Odisea. Ezin dio irakurtzeari utzi. Behin eta berriro. Bertan bizi da, horren bidez bizi da. Odiseak kutsatutako pentsamenduak etorri zaizkio gaur burura, bere semearen urtebetetze egunean. Hamasei urte dagoeneko. Beste galdera batzuk dira, berdinak izan arren. Etxearen aurrean eserita dagoela ohartzen da alde batera utzi duela, lanagatik, enpresa baten erantzukizunagatik, proiektu baten arduragatik, desio batengatik, bidaia iniziatiko batengatik. Ospakizunaren oroitzapenak gogora ekartzen ditu eta bere burua justifikatzen saiatzen da, arrazoiez eta egiaz betetzen den guraso baten antzera, zehazki, hau esaten duenean: \u201cZuengatik egiten dut\u201d. Ustekabean, ekaitz gau batean, edo ekaitz urte batean, euri ugari egin duen urte batean, euri bortitza; bada, atzean geratu ziren guztiak, areketan, orain izena ez duten horiek, etxearen ateak jotzera etorri ziren anonimoak, desagertu ziren.<\/p>\n<p><strong>FITXA ARTISTIKOA:<\/strong><\/p>\n<p><strong> <\/strong><strong>Sormena eta zuzendaritza <\/strong>Jacobo Pallar\u00e9s<\/p>\n<p><strong>Dramaturgia: <\/strong>Juan Andr\u00e9s Gonz\u00e1lez y Jacobo Pallar\u00e9s<\/p>\n<p><strong>Aktoreak: <\/strong>Luc\u00eda Poveda, Juan Andr\u00e9s Gonz\u00e1lez \/ Jaume Ib\u00e1\u00f1ez<\/p>\n<p><strong>Zuzendaritza laguntzailea: <\/strong>Jaume Ib\u00e1\u00f1ez<\/p>\n<p><strong>Antzezlekua: <\/strong>Los Reyes del Mambo<\/p>\n<p><strong>Bideo sorkuntza: <\/strong>Beatriz Herraiz<\/p>\n<p><strong>Bideo programazioa: <\/strong>Aurora Diago<\/p>\n<p><strong>Soinu espazioa: <\/strong>Vicky Trillo<\/p>\n<p><strong>Abestiak: <\/strong>Juan Andr\u00e9s Gonz\u00e1lez y Vicky Trillo<\/p>\n<p><strong>Argiztapen diseinua: <\/strong>Mireia Parre\u00f1o<\/p>\n<p><strong>Teknika eszenan eta performance: <\/strong>Jacobo Pallar\u00e9s, Mireia Parre\u00f1o \/ In\u00e9s Mu\u00f1oz, Aurora Diago \/ Nuria Albelda<\/p>\n<p><strong>Komunikazioa: <\/strong>Esther Pedr\u00f3s y Alba Hern\u00e1ndez<\/p>\n<p><strong>Jantziteria: <\/strong>Nuria Albelda<\/p>\n<p><strong>Ekoizpen zuzendaritza: <\/strong>Esther Pedr\u00f3s y Marta Rubio<\/p>\n<p><strong>Ekoizpen taldea: <\/strong>Nuria Albelda y Gloria Pitarch<\/p>\n<p><strong>Koproduzioa: <\/strong>Centre Cultural La Rambleta<\/p>\n<p><strong>Hizkuntza aholkularitza: <\/strong>Esther Pedr\u00f3s y Jaume Ib\u00e1\u00f1ez<\/p>\n<p><strong>DIseinu grafikoa: <\/strong>Casmiclab<\/p>\n<p><strong>SARREREN SALMENTA:<\/strong> <a href=\"https:\/\/entradium.com\/events\/la-odisea-de-nuestras-vidas-la-inestable\">https:\/\/entradium.com\/events\/la-odisea-de-nuestras-vidas-la-inestable<\/a><\/p>\n","protected":false},"excerpt":{"rendered":"<p>TEATRO DE LO INESTABLE Iraupena: 90 minutu &#8220;Azkenean, hori ez da nitaz ari, ez heroiez ezta historian iraun duten izenez ere. Horrek hondoa jota geratzen direnei buruz hitz egiten du, [&hellip;]<\/p>\n","protected":false},"author":1,"featured_media":9874,"template":"","meta":{"_tribe_events_status":"","_tribe_events_status_reason":"","footnotes":""},"tags":[559,317,347,558,560],"tribe_events_cat":[322,323],"class_list":["post-9913","tribe_events","type-tribe_events","status-publish","has-post-thumbnail","hentry","tag-antzerki-garaikidea","tag-antzerkia","tag-artea","tag-helduak","tag-kultura","tribe_events_cat-antzerkia","tribe_events_cat-helduentzako-antzerkia","cat_antzerkia","cat_helduentzako-antzerkia"],"yoast_head":"<!-- This site is optimized with the Yoast SEO plugin v27.4 - https:\/\/yoast.com\/product\/yoast-seo-wordpress\/ -->\n<title>LA ODISEA DE NUESTRAS VIDAS - salautopianaretoa.com<\/title>\n<meta name=\"robots\" content=\"index, follow, max-snippet:-1, max-image-preview:large, max-video-preview:-1\" \/>\n<link rel=\"canonical\" href=\"https:\/\/www.salautopianaretoa.com\/evento\/la-odisea-de-nuestras-vidas\/\" \/>\n<meta property=\"og:locale\" content=\"eu_ES\" \/>\n<meta property=\"og:type\" content=\"article\" \/>\n<meta property=\"og:title\" content=\"LA ODISEA DE NUESTRAS VIDAS - salautopianaretoa.com\" \/>\n<meta property=\"og:description\" content=\"TEATRO DE LO INESTABLE Iraupena: 90 minutu &#8220;Azkenean, hori ez da nitaz ari, ez heroiez ezta historian iraun duten izenez ere. Horrek hondoa jota geratzen direnei buruz hitz egiten du, [&hellip;]\" \/>\n<meta property=\"og:url\" content=\"https:\/\/www.salautopianaretoa.com\/evento\/la-odisea-de-nuestras-vidas\/\" \/>\n<meta property=\"og:site_name\" content=\"salautopianaretoa.com\" \/>\n<meta property=\"og:image\" content=\"https:\/\/www.salautopianaretoa.com\/wp-content\/uploads\/2023\/10\/img-4177-scaled-1.jpg\" \/>\n<meta name=\"twitter:card\" content=\"summary_large_image\" \/>\n<script type=\"application\/ld+json\" class=\"yoast-schema-graph\">{\"@context\":\"https:\\\/\\\/schema.org\",\"@graph\":[{\"@type\":\"WebPage\",\"@id\":\"https:\\\/\\\/www.salautopianaretoa.com\\\/evento\\\/la-odisea-de-nuestras-vidas\\\/\",\"url\":\"https:\\\/\\\/www.salautopianaretoa.com\\\/evento\\\/la-odisea-de-nuestras-vidas\\\/\",\"name\":\"LA ODISEA DE NUESTRAS VIDAS - salautopianaretoa.com\",\"isPartOf\":{\"@id\":\"https:\\\/\\\/www.salautopianaretoa.com\\\/#website\"},\"primaryImageOfPage\":{\"@id\":\"https:\\\/\\\/www.salautopianaretoa.com\\\/evento\\\/la-odisea-de-nuestras-vidas\\\/#primaryimage\"},\"image\":{\"@id\":\"https:\\\/\\\/www.salautopianaretoa.com\\\/evento\\\/la-odisea-de-nuestras-vidas\\\/#primaryimage\"},\"thumbnailUrl\":\"https:\\\/\\\/www.salautopianaretoa.com\\\/wp-content\\\/uploads\\\/2023\\\/10\\\/la-odisea-de-nuestras-vidas-mailchimp-nov-e1697558455290.jpg\",\"datePublished\":\"2023-10-17T16:01:31+00:00\",\"breadcrumb\":{\"@id\":\"https:\\\/\\\/www.salautopianaretoa.com\\\/evento\\\/la-odisea-de-nuestras-vidas\\\/#breadcrumb\"},\"inLanguage\":\"eu-ES\",\"potentialAction\":[{\"@type\":\"ReadAction\",\"target\":[\"https:\\\/\\\/www.salautopianaretoa.com\\\/evento\\\/la-odisea-de-nuestras-vidas\\\/\"]}]},{\"@type\":\"ImageObject\",\"inLanguage\":\"eu-ES\",\"@id\":\"https:\\\/\\\/www.salautopianaretoa.com\\\/evento\\\/la-odisea-de-nuestras-vidas\\\/#primaryimage\",\"url\":\"https:\\\/\\\/www.salautopianaretoa.com\\\/wp-content\\\/uploads\\\/2023\\\/10\\\/la-odisea-de-nuestras-vidas-mailchimp-nov-e1697558455290.jpg\",\"contentUrl\":\"https:\\\/\\\/www.salautopianaretoa.com\\\/wp-content\\\/uploads\\\/2023\\\/10\\\/la-odisea-de-nuestras-vidas-mailchimp-nov-e1697558455290.jpg\",\"width\":1920,\"height\":1201},{\"@type\":\"BreadcrumbList\",\"@id\":\"https:\\\/\\\/www.salautopianaretoa.com\\\/evento\\\/la-odisea-de-nuestras-vidas\\\/#breadcrumb\",\"itemListElement\":[{\"@type\":\"ListItem\",\"position\":1,\"name\":\"Portada\",\"item\":\"https:\\\/\\\/www.salautopianaretoa.com\\\/eu\\\/hasiera\\\/\"},{\"@type\":\"ListItem\",\"position\":2,\"name\":\"Eventos\",\"item\":\"https:\\\/\\\/www.salautopianaretoa.com\\\/calendario\\\/\"},{\"@type\":\"ListItem\",\"position\":3,\"name\":\"LA ODISEA DE NUESTRAS VIDAS\"}]},{\"@type\":\"WebSite\",\"@id\":\"https:\\\/\\\/www.salautopianaretoa.com\\\/#website\",\"url\":\"https:\\\/\\\/www.salautopianaretoa.com\\\/\",\"name\":\"salautopianaretoa.com\",\"description\":\"Sala de teatro\",\"potentialAction\":[{\"@type\":\"SearchAction\",\"target\":{\"@type\":\"EntryPoint\",\"urlTemplate\":\"https:\\\/\\\/www.salautopianaretoa.com\\\/?s={search_term_string}\"},\"query-input\":{\"@type\":\"PropertyValueSpecification\",\"valueRequired\":true,\"valueName\":\"search_term_string\"}}],\"inLanguage\":\"eu-ES\"}]}<\/script>\n<!-- \/ Yoast SEO plugin. -->","yoast_head_json":{"title":"LA ODISEA DE NUESTRAS VIDAS - salautopianaretoa.com","robots":{"index":"index","follow":"follow","max-snippet":"max-snippet:-1","max-image-preview":"max-image-preview:large","max-video-preview":"max-video-preview:-1"},"canonical":"https:\/\/www.salautopianaretoa.com\/evento\/la-odisea-de-nuestras-vidas\/","og_locale":"eu_ES","og_type":"article","og_title":"LA ODISEA DE NUESTRAS VIDAS - salautopianaretoa.com","og_description":"TEATRO DE LO INESTABLE Iraupena: 90 minutu &#8220;Azkenean, hori ez da nitaz ari, ez heroiez ezta historian iraun duten izenez ere. Horrek hondoa jota geratzen direnei buruz hitz egiten du, [&hellip;]","og_url":"https:\/\/www.salautopianaretoa.com\/evento\/la-odisea-de-nuestras-vidas\/","og_site_name":"salautopianaretoa.com","og_image":[{"url":"https:\/\/www.salautopianaretoa.com\/wp-content\/uploads\/2023\/10\/img-4177-scaled-1.jpg","type":"","width":"","height":""}],"twitter_card":"summary_large_image","schema":{"@context":"https:\/\/schema.org","@graph":[{"@type":"WebPage","@id":"https:\/\/www.salautopianaretoa.com\/evento\/la-odisea-de-nuestras-vidas\/","url":"https:\/\/www.salautopianaretoa.com\/evento\/la-odisea-de-nuestras-vidas\/","name":"LA ODISEA DE NUESTRAS VIDAS - salautopianaretoa.com","isPartOf":{"@id":"https:\/\/www.salautopianaretoa.com\/#website"},"primaryImageOfPage":{"@id":"https:\/\/www.salautopianaretoa.com\/evento\/la-odisea-de-nuestras-vidas\/#primaryimage"},"image":{"@id":"https:\/\/www.salautopianaretoa.com\/evento\/la-odisea-de-nuestras-vidas\/#primaryimage"},"thumbnailUrl":"https:\/\/www.salautopianaretoa.com\/wp-content\/uploads\/2023\/10\/la-odisea-de-nuestras-vidas-mailchimp-nov-e1697558455290.jpg","datePublished":"2023-10-17T16:01:31+00:00","breadcrumb":{"@id":"https:\/\/www.salautopianaretoa.com\/evento\/la-odisea-de-nuestras-vidas\/#breadcrumb"},"inLanguage":"eu-ES","potentialAction":[{"@type":"ReadAction","target":["https:\/\/www.salautopianaretoa.com\/evento\/la-odisea-de-nuestras-vidas\/"]}]},{"@type":"ImageObject","inLanguage":"eu-ES","@id":"https:\/\/www.salautopianaretoa.com\/evento\/la-odisea-de-nuestras-vidas\/#primaryimage","url":"https:\/\/www.salautopianaretoa.com\/wp-content\/uploads\/2023\/10\/la-odisea-de-nuestras-vidas-mailchimp-nov-e1697558455290.jpg","contentUrl":"https:\/\/www.salautopianaretoa.com\/wp-content\/uploads\/2023\/10\/la-odisea-de-nuestras-vidas-mailchimp-nov-e1697558455290.jpg","width":1920,"height":1201},{"@type":"BreadcrumbList","@id":"https:\/\/www.salautopianaretoa.com\/evento\/la-odisea-de-nuestras-vidas\/#breadcrumb","itemListElement":[{"@type":"ListItem","position":1,"name":"Portada","item":"https:\/\/www.salautopianaretoa.com\/eu\/hasiera\/"},{"@type":"ListItem","position":2,"name":"Eventos","item":"https:\/\/www.salautopianaretoa.com\/calendario\/"},{"@type":"ListItem","position":3,"name":"LA ODISEA DE NUESTRAS VIDAS"}]},{"@type":"WebSite","@id":"https:\/\/www.salautopianaretoa.com\/#website","url":"https:\/\/www.salautopianaretoa.com\/","name":"salautopianaretoa.com","description":"Sala de teatro","potentialAction":[{"@type":"SearchAction","target":{"@type":"EntryPoint","urlTemplate":"https:\/\/www.salautopianaretoa.com\/?s={search_term_string}"},"query-input":{"@type":"PropertyValueSpecification","valueRequired":true,"valueName":"search_term_string"}}],"inLanguage":"eu-ES"}]}},"_links":{"self":[{"href":"https:\/\/www.salautopianaretoa.com\/eu\/wp-json\/wp\/v2\/tribe_events\/9913","targetHints":{"allow":["GET"]}}],"collection":[{"href":"https:\/\/www.salautopianaretoa.com\/eu\/wp-json\/wp\/v2\/tribe_events"}],"about":[{"href":"https:\/\/www.salautopianaretoa.com\/eu\/wp-json\/wp\/v2\/types\/tribe_events"}],"author":[{"embeddable":true,"href":"https:\/\/www.salautopianaretoa.com\/eu\/wp-json\/wp\/v2\/users\/1"}],"version-history":[{"count":0,"href":"https:\/\/www.salautopianaretoa.com\/eu\/wp-json\/wp\/v2\/tribe_events\/9913\/revisions"}],"wp:featuredmedia":[{"embeddable":true,"href":"https:\/\/www.salautopianaretoa.com\/eu\/wp-json\/wp\/v2\/media\/9874"}],"wp:attachment":[{"href":"https:\/\/www.salautopianaretoa.com\/eu\/wp-json\/wp\/v2\/media?parent=9913"}],"wp:term":[{"taxonomy":"post_tag","embeddable":true,"href":"https:\/\/www.salautopianaretoa.com\/eu\/wp-json\/wp\/v2\/tags?post=9913"},{"taxonomy":"tribe_events_cat","embeddable":true,"href":"https:\/\/www.salautopianaretoa.com\/eu\/wp-json\/wp\/v2\/tribe_events_cat?post=9913"}],"curies":[{"name":"wp","href":"https:\/\/api.w.org\/{rel}","templated":true}]}}